{"id":5497,"date":"2023-02-24T17:50:38","date_gmt":"2023-02-24T17:50:38","guid":{"rendered":"https:\/\/www.dataprotectionofficer.help\/coindu\/responsable-de-proteccion-de-datos\/"},"modified":"2023-12-07T16:11:19","modified_gmt":"2023-12-07T16:11:19","slug":"responsable-de-proteccion-de-datos","status":"publish","type":"page","link":"https:\/\/www.dataprotectionofficer.help\/es\/coindu\/responsable-de-proteccion-de-datos\/","title":{"rendered":"Responsable"},"content":{"rendered":"<p>[et_pb_section fb_built=\u00bb1&#8243; _builder_version=\u00bb4.20.0&#8243; _module_preset=\u00bbdefault\u00bb background_color=\u00bb#ededed\u00bb min_height=\u00bb100vh\u00bb custom_padding=\u00bb195px||||false|false\u00bb da_disable_devices=\u00bboff|off|off\u00bb global_colors_info=\u00bb{}\u00bb da_is_popup=\u00bboff\u00bb da_exit_intent=\u00bboff\u00bb da_has_close=\u00bbon\u00bb da_alt_close=\u00bboff\u00bb da_dark_close=\u00bboff\u00bb da_not_modal=\u00bbon\u00bb da_is_singular=\u00bboff\u00bb da_with_loader=\u00bboff\u00bb da_has_shadow=\u00bbon\u00bb][et_pb_row _builder_version=\u00bb4.19.4&#8243; _module_preset=\u00bbdefault\u00bb max_width=\u00bb1380px\u00bb custom_margin=\u00bb|auto||auto|false|false\u00bb locked=\u00bboff\u00bb global_colors_info=\u00bb{}\u00bb][et_pb_column type=\u00bb4_4&#8243; _builder_version=\u00bb4.16&#8243; _module_preset=\u00bbdefault\u00bb global_colors_info=\u00bb{}\u00bb][et_pb_text disabled_on=\u00bboff|off|off\u00bb _builder_version=\u00bb4.20.0&#8243; _module_preset=\u00bbdefault\u00bb text_font=\u00bb|300|||||||\u00bb text_text_color=\u00bb#FFFFFF\u00bb text_font_size=\u00bb22px\u00bb header_font=\u00bbAlata|700|||||||\u00bb header_text_color=\u00bb#7C1111&#8243; header_font_size=\u00bb62px\u00bb header_line_height=\u00bb1.5em\u00bb header_2_font=\u00bbMontserrat|700|||||||\u00bb header_2_text_color=\u00bb#3278ad\u00bb header_2_font_size=\u00bb55px\u00bb header_2_line_height=\u00bb1.5em\u00bb custom_margin=\u00bb||1px|||\u00bb header_font_tablet=\u00bb\u00bb header_font_phone=\u00bb\u00bb header_font_last_edited=\u00bbon|tablet\u00bb header_font_size_tablet=\u00bb62px\u00bb header_font_size_phone=\u00bb52px\u00bb header_font_size_last_edited=\u00bbon|phone\u00bb header_2_font_size_tablet=\u00bb45px\u00bb header_2_font_size_phone=\u00bb45px\u00bb header_2_font_size_last_edited=\u00bbon|phone\u00bb global_colors_info=\u00bb{}\u00bb]<\/p>\n<h2>Responsable de Protecci\u00f3n de Datos (RPD)<\/h2>\n<p>[\/et_pb_text][et_pb_text _builder_version=\u00bb4.20.0&#8243; _module_preset=\u00bbdefault\u00bb text_font=\u00bb|300|||||||\u00bb text_text_color=\u00bb#6d6d6d\u00bb header_font=\u00bbAlata|700|||||||\u00bb header_text_color=\u00bb#7C1111&#8243; header_font_size=\u00bb62px\u00bb header_line_height=\u00bb1.5em\u00bb header_2_font=\u00bbMontserrat|700|||||||\u00bb header_2_text_color=\u00bb#3278ad\u00bb header_2_font_size=\u00bb55px\u00bb header_2_line_height=\u00bb1.5em\u00bb custom_margin=\u00bb||1px|||\u00bb hover_enabled=\u00bb0&#8243; header_font_tablet=\u00bb\u00bb header_font_phone=\u00bb\u00bb header_font_last_edited=\u00bbon|tablet\u00bb header_font_size_tablet=\u00bb62px\u00bb header_font_size_phone=\u00bb52px\u00bb header_font_size_last_edited=\u00bbon|phone\u00bb header_2_font_size_tablet=\u00bb45px\u00bb header_2_font_size_phone=\u00bb45px\u00bb header_2_font_size_last_edited=\u00bbon|phone\u00bb locked=\u00bboff\u00bb global_colors_info=\u00bb{}\u00bb text_font_size=\u00bb18px\u00bb sticky_enabled=\u00bb0&#8243;]<\/p>\n<p>Demostrando el compromiso de Coindu de designar un Responsable de Protecci\u00f3n de Datos para llevar a cabo las funciones establecidas en la legislaci\u00f3n aplicable, consulte los Contactos disponibles aqu\u00ed.<\/p>\n<p>[\/et_pb_text][\/et_pb_column][\/et_pb_row][et_pb_row column_structure=\u00bb1_4,1_4,1_4,1_4&#8243; use_custom_gutter=\u00bbon\u00bb gutter_width=\u00bb2&#8243; custom_padding_last_edited=\u00bbon|phone\u00bb _builder_version=\u00bb4.20.0&#8243; _module_preset=\u00bbdefault\u00bb max_width=\u00bb1380px\u00bb custom_padding=\u00bb25px||||false|false\u00bb custom_padding_tablet=\u00bb15px||||false|false\u00bb custom_padding_phone=\u00bb15px||||false|false\u00bb hover_enabled=\u00bb0&#8243; locked=\u00bboff\u00bb global_colors_info=\u00bb{}\u00bb sticky_enabled=\u00bb0&#8243;][et_pb_column type=\u00bb1_4&#8243; _builder_version=\u00bb4.16&#8243; _module_preset=\u00bbdefault\u00bb global_colors_info=\u00bb{}\u00bb][et_pb_blurb title=\u00bbResponsable de protecci\u00f3n de datos\u00bb url_new_window=\u00bbon\u00bb use_icon=\u00bbon\u00bb font_icon=\u00bb&#xf505;||fa||900&#8243; icon_color=\u00bb#74a6da\u00bb image_icon_width=\u00bb28px\u00bb content_max_width=\u00bb100%\u00bb _builder_version=\u00bb4.20.0&#8243; _module_preset=\u00bbdefault\u00bb header_font=\u00bbMontserrat||||||||\u00bb header_text_align=\u00bbcenter\u00bb header_text_color=\u00bb#6d6d6d\u00bb header_font_size=\u00bb18px\u00bb body_font=\u00bb|300|||||||\u00bb body_text_align=\u00bbcenter\u00bb transform_scale_linked=\u00bboff\u00bb module_alignment=\u00bbcenter\u00bb hover_enabled=\u00bb0&#8243; global_colors_info=\u00bb{}\u00bb custom_css_blurb_content_tablet=\u00bbwidth:auto;\u00bb custom_css_blurb_content_phone=\u00bbwidth:auto;\u00bb custom_css_blurb_content_last_edited=\u00bbon|phone\u00bb custom_css_main_element__hover_enabled=\u00bbon|hover\u00bb custom_css_main_element_tablet=\u00bbwidth:auto;\u00bb custom_css_main_element_phone=\u00bbwidth:auto;\u00bb custom_css_main_element_last_edited=\u00bbon|desktop\u00bb sticky_enabled=\u00bb0&#8243;]<\/p>\n<p><strong>Manuel Melo<\/strong><br \/>Responsable de Protecci\u00f3n de Datos y Responsable de Cumplimiento.<\/p>\n<p>[\/et_pb_blurb][\/et_pb_column][et_pb_column type=\u00bb1_4&#8243; _builder_version=\u00bb4.16&#8243; _module_preset=\u00bbdefault\u00bb global_colors_info=\u00bb{}\u00bb][et_pb_blurb title=\u00bbTel\u00e9fono\u00bb url_new_window=\u00bbon\u00bb use_icon=\u00bbon\u00bb font_icon=\u00bb&#xe090;||divi||400&#8243; icon_color=\u00bb#74a6da\u00bb image_icon_width=\u00bb28px\u00bb content_max_width=\u00bb100%\u00bb _builder_version=\u00bb4.20.0&#8243; _module_preset=\u00bbdefault\u00bb header_font=\u00bbMontserrat||||||||\u00bb header_text_align=\u00bbcenter\u00bb header_text_color=\u00bb#6d6d6d\u00bb header_font_size=\u00bb18px\u00bb body_font=\u00bb|300|||||||\u00bb body_text_align=\u00bbcenter\u00bb transform_scale_linked=\u00bboff\u00bb module_alignment=\u00bbcenter\u00bb global_colors_info=\u00bb{}\u00bb custom_css_blurb_content_tablet=\u00bbwidth:auto;\u00bb custom_css_blurb_content_phone=\u00bbwidth:auto;\u00bb custom_css_blurb_content_last_edited=\u00bbon|phone\u00bb custom_css_main_element__hover_enabled=\u00bbon|hover\u00bb custom_css_main_element_tablet=\u00bbwidth:auto;\u00bb custom_css_main_element_phone=\u00bbwidth:auto;\u00bb custom_css_main_element_last_edited=\u00bbon|desktop\u00bb]<strong>(+351) 213 243 750<\/strong><br \/>\nN\u00famero de tel\u00e9fono general para ponerse en contacto con los servicios de secretar\u00eda del responsable de la protecci\u00f3n de datos.[\/et_pb_blurb][\/et_pb_column][et_pb_column type=\u00bb1_4&#8243; _builder_version=\u00bb4.16&#8243; _module_preset=\u00bbdefault\u00bb global_colors_info=\u00bb{}\u00bb][et_pb_blurb title=\u00bbCorreo electr\u00f3nico personal\u00bb url_new_window=\u00bbon\u00bb use_icon=\u00bbon\u00bb font_icon=\u00bb&#xf0e0;||fa||900&#8243; icon_color=\u00bb#74a6da\u00bb image_icon_width=\u00bb28px\u00bb content_max_width=\u00bb100%\u00bb _builder_version=\u00bb4.20.0&#8243; _module_preset=\u00bbdefault\u00bb header_font=\u00bbMontserrat||||||||\u00bb header_text_align=\u00bbcenter\u00bb header_text_color=\u00bb#6d6d6d\u00bb header_font_size=\u00bb18px\u00bb body_font=\u00bb|300|||||||\u00bb body_text_align=\u00bbcenter\u00bb transform_scale_linked=\u00bboff\u00bb module_alignment=\u00bbcenter\u00bb global_colors_info=\u00bb{}\u00bb custom_css_main_element_last_edited=\u00bbon|desktop\u00bb custom_css_main_element_tablet=\u00bbwidth:auto;\u00bb custom_css_blurb_content_last_edited=\u00bboff|desktop\u00bb custom_css_blurb_content_tablet=\u00bbwidth:auto;\u00bb custom_css_main_element_phone=\u00bbwidth:auto;\u00bb custom_css_blurb_content_phone=\u00bbwidth:auto;\u00bb custom_css_main_element__hover_enabled=\u00bboff|hover\u00bb]<\/p>\n<p><span><strong>manuel.melo@dataprotectionofficer.help<\/strong><\/span><br \/>  Direcci\u00f3n de correo electr\u00f3nico personal del responsable de la protecci\u00f3n de datos.<\/p>\n<p>[\/et_pb_blurb][\/et_pb_column][et_pb_column type=\u00bb1_4&#8243; _builder_version=\u00bb4.16&#8243; _module_preset=\u00bbdefault\u00bb global_colors_info=\u00bb{}\u00bb][et_pb_blurb title=\u00bbCorreo electr\u00f3nico corporativo\u00bb url_new_window=\u00bbon\u00bb use_icon=\u00bbon\u00bb font_icon=\u00bb&#xf0e0;||fa||900&#8243; icon_color=\u00bb#74a6da\u00bb image_icon_width=\u00bb28px\u00bb content_max_width=\u00bb100%\u00bb _builder_version=\u00bb4.20.0&#8243; _module_preset=\u00bbdefault\u00bb header_font=\u00bbMontserrat||||||||\u00bb header_text_align=\u00bbcenter\u00bb header_text_color=\u00bb#6d6d6d\u00bb header_font_size=\u00bb18px\u00bb body_font=\u00bb|300|||||||\u00bb body_text_align=\u00bbcenter\u00bb transform_scale_linked=\u00bboff\u00bb module_alignment=\u00bbcenter\u00bb custom_css_blurb_content=\u00bbwidth:440px;\u00bb global_colors_info=\u00bb{}\u00bb custom_css_main_element_last_edited=\u00bbon|desktop\u00bb custom_css_main_element_tablet=\u00bbwidth:auto;\u00bb custom_css_blurb_content_last_edited=\u00bbon|phone\u00bb custom_css_blurb_content_tablet=\u00bbwidth:auto;\u00bb custom_css_main_element_phone=\u00bbwidth:auto;\u00bb custom_css_blurb_content_phone=\u00bbwidth:auto;\u00bb]<\/p>\n<p><span><strong>dpo@coindu.com <\/strong><\/span><br \/>  Direcci\u00f3n de correo electr\u00f3nico institucional del responsable de la protecci\u00f3n de datos.<\/p>\n<p>[\/et_pb_blurb][\/et_pb_column][\/et_pb_row][\/et_pb_section]<\/p>\n","protected":false},"excerpt":{"rendered":"<p>Responsable de Protecci\u00f3n de Datos (RPD)Demostrando el compromiso de Coindu de designar un Responsable de Protecci\u00f3n de Datos para llevar a cabo las funciones establecidas en la legislaci\u00f3n aplicable, consulte los Contactos disponibles aqu\u00ed.Manuel MeloResponsable de Protecci\u00f3n de Datos y Responsable de Cumplimiento.(+351) 213 243 750 N\u00famero de tel\u00e9fono general para ponerse en contacto con [&hellip;]<\/p>\n","protected":false},"author":2,"featured_media":0,"parent":5473,"menu_order":4,"comment_status":"closed","ping_status":"closed","template":"","meta":{"_et_pb_use_builder":"on","_et_pb_old_content":"","_et_gb_content_width":"","inline_featured_image":false,"footnotes":""},"categories":[238,239],"tags":[],"class_list":["post-5497","page","type-page","status-publish","hentry","category-002coindu-es","category-diseno-de-la-cabecera-de-coindu-generalidades"],"aioseo_notices":[],"_links":{"self":[{"href":"https:\/\/www.dataprotectionofficer.help\/es\/wp-json\/wp\/v2\/pages\/5497","targetHints":{"allow":["GET"]}}],"collection":[{"href":"https:\/\/www.dataprotectionofficer.help\/es\/wp-json\/wp\/v2\/pages"}],"about":[{"href":"https:\/\/www.dataprotectionofficer.help\/es\/wp-json\/wp\/v2\/types\/page"}],"author":[{"embeddable":true,"href":"https:\/\/www.dataprotectionofficer.help\/es\/wp-json\/wp\/v2\/users\/2"}],"replies":[{"embeddable":true,"href":"https:\/\/www.dataprotectionofficer.help\/es\/wp-json\/wp\/v2\/comments?post=5497"}],"version-history":[{"count":3,"href":"https:\/\/www.dataprotectionofficer.help\/es\/wp-json\/wp\/v2\/pages\/5497\/revisions"}],"predecessor-version":[{"id":5500,"href":"https:\/\/www.dataprotectionofficer.help\/es\/wp-json\/wp\/v2\/pages\/5497\/revisions\/5500"}],"up":[{"embeddable":true,"href":"https:\/\/www.dataprotectionofficer.help\/es\/wp-json\/wp\/v2\/pages\/5473"}],"wp:attachment":[{"href":"https:\/\/www.dataprotectionofficer.help\/es\/wp-json\/wp\/v2\/media?parent=5497"}],"wp:term":[{"taxonomy":"category","embeddable":true,"href":"https:\/\/www.dataprotectionofficer.help\/es\/wp-json\/wp\/v2\/categories?post=5497"},{"taxonomy":"post_tag","embeddable":true,"href":"https:\/\/www.dataprotectionofficer.help\/es\/wp-json\/wp\/v2\/tags?post=5497"}],"curies":[{"name":"wp","href":"https:\/\/api.w.org\/{rel}","templated":true}]}}